{"id":3509,"date":"2022-06-02T09:57:48","date_gmt":"2022-06-02T07:57:48","guid":{"rendered":"https:\/\/alpenland.doppelpack3.at\/hotel\/sustainability-and-social-responsibility\/"},"modified":"2025-03-11T07:47:10","modified_gmt":"2025-03-11T06:47:10","slug":"sustainability-and-social-responsibility","status":"publish","type":"page","link":"https:\/\/www.alpenland.at\/en\/hotel\/sustainability-and-social-responsibility\/","title":{"rendered":"Sustainability and Social Responsibility"},"content":{"rendered":"\n<div class=\"wp-block-columns alignwide is-layout-flex wp-container-core-columns-is-layout-398b3aa3 wp-block-columns-is-layout-flex\">\n<div class=\"wp-block-column is-layout-constrained wp-block-column-is-layout-constrained\"><div id=\"logo-icon-block_9a164caf0590defba404f860d0ef3337\" class=\"logo-icon text-align-left has-color-gold\">\r\n    <svg xmlns=\"http:\/\/www.w3.org\/2000\/svg\" viewBox=\"0 0 49.92 42.05\">\r\n        <path class=\"stars\" fill=\"currentColor\" d=\"M8.48,37.05l-2.93-.43-1.31-2.65-1.31,2.65-2.93,.43,2.12,2.07-.5,2.92,2.62-1.38,2.62,1.38-.5-2.92,2.12-2.07h0Z\"\/>\r\n        <path class=\"stars\" fill=\"currentColor\" d=\"M18.47,33.97l1.31,2.66,2.93,.43-2.12,2.07,.5,2.92-2.62-1.38-2.62,1.38,.5-2.92-2.12-2.07,2.93-.43,1.3-2.66h.01Z\"\/>\r\n        <path class=\"stars\" fill=\"currentColor\" d=\"M32.58,33.97l1.31,2.66,2.93,.43-2.12,2.07,.5,2.92-2.62-1.38-2.62,1.38,.5-2.92-2.12-2.07,2.93-.43,1.3-2.66h.01Z\"\/>\r\n        <path class=\"stars\" fill=\"currentColor\" d=\"M49.92,37.05l-2.93-.43-1.31-2.65-1.31,2.65-2.93,.43,2.12,2.07-.5,2.92,2.62-1.38,2.62,1.38-.5-2.92,2.12-2.07h0Z\"\/>\r\n        <path class=\"mountains\" fill=\"currentColor\" d=\"M48.67,30.26h-3.75L31.2,6.49l-4.37,7.57,6.23,10.8H16.85l6.23-10.8-4.36-7.57L5,30.26H1.25L18.72,0l6.24,10.82L31.2,0l17.47,30.26Zm-26.2-8.64h4.96l-2.49-4.3-2.48,4.3h.01Z\"\/>\r\n    <\/svg>\r\n<\/div>\r\n<style>\r\n    #logo-icon-block_9a164caf0590defba404f860d0ef3337 {\r\n        height: 60px;\r\n        margin-top: 40px;\r\n        opacity: 20%;\r\n    }\r\n    @media (min-width: 768px) {\r\n    #logo-icon-block_9a164caf0590defba404f860d0ef3337 {\r\n        height: 100px;\r\n        margin-top: ;\r\n    }\r\n    }\r\n    @media (min-width: 1200px) {\r\n    #logo-icon-block_9a164caf0590defba404f860d0ef3337 {\r\n        height: 300px;\r\n        margin-top: -150px;\r\n    }\r\n    }\r\n<\/style>\n\n\n<h3 class=\"wp-block-heading has-normal-font-size\" style=\"text-transform:uppercase\">Hotel Alpenland in St. Johann im Pongau<\/h3>\n\n\n\n<h2 class=\"wp-block-heading has-huge-font-size\" id=\"h-nachhaltig-sozial\" style=\"margin-top:0.5rem\">Sustainability and Social Responsibility<\/h2>\n\n\n\n<p>Sustainable behaviour and social responsibility enjoy the highest priority in our hotel. We feature social projects like, for instance, <a href=\"#blaue-friedensherde\">&#8220;Die Blaue Friedensherde&#8221;<\/a>. <\/p>\n\n\n\n<p>We also bank on renewable energy. In the underground parking garage there are 2 charging stations (Type 2) to charge EV`s provided. We also offer our guests an e-bike room including charging facilities (Schuko).<\/p>\n\n\n\n<div class=\"wp-block-buttons is-layout-flex wp-block-buttons-is-layout-flex\"><\/div>\n<\/div>\n\n\n\n<div class=\"wp-block-column is-layout-constrained wp-block-column-is-layout-constrained\">\r\n<div id=\"dp-spacer-block_832b7b17e32c859fb7a361e094dbf3b0\" class=\"dp-spacer\">\r\n    <\/div><!-- \/.spacer -->\r\n<style>\r\n    #dp-spacer-block_832b7b17e32c859fb7a361e094dbf3b0 {\r\n        margin-top: 30px;\r\n    }\r\n    @media (min-width: 768px) {\r\n    #dp-spacer-block_832b7b17e32c859fb7a361e094dbf3b0 {\r\n        margin-top: 200px;\r\n    }\r\n    }\r\n    @media (min-width: 1200px) {\r\n    #dp-spacer-block_832b7b17e32c859fb7a361e094dbf3b0 {\r\n        margin-top: 170px;\r\n    }\r\n    }\r\n<\/style>\r\n\n\n<div id=\"dual-image-block_63112a7d02fd2147013fa885397de68e\" class=\"dual-image text-align-left has-mobile-offset rearrange-elements-pc layout-landscape-first\">\r\n    <div class=\"dual-image-inner\" style=\"max-width: 800px;\">\r\n        <div class=\"item item-1 first-item\">\r\n            <div class=\"image-wrapper\" style=\"background-image: url('https:\/\/www.alpenland.at\/wp-content\/uploads\/alpenland-e-ladestation-1024x684.jpg');\">\r\n                <img decoding=\"async\" class=\"image-1\" src=\"https:\/\/www.alpenland.at\/wp-content\/uploads\/alpenland-e-ladestation-1024x684.jpg\" alt=\"E-Ladestation\" title=\"alpenland-e-ladestation\"\/>\r\n            <\/div>\r\n            <div class=\"content-wrapper\">\r\n                                    <span>aaaas well<\/span>\r\n                                                    <h2>sustainable<\/h2>\r\n                            <\/div>\r\n                            <a class=\"image-link\" href=\"https:\/\/www.alpenland.at\/wp-content\/uploads\/alpenland-e-ladestation.jpg\"><\/a>\r\n                    <\/div>\r\n        <div class=\"item item-2 second-item\">\r\n            <div class=\"image-wrapper\" style=\"background-image: url('https:\/\/www.alpenland.at\/wp-content\/uploads\/blau-schafe-restaurant-1024x683.jpg');\">\r\n                <img decoding=\"async\" class=\"image-2\" src=\"https:\/\/www.alpenland.at\/wp-content\/uploads\/blau-schafe-restaurant-1024x683.jpg\" alt=\"Blauschafe im Restaurant\" title=\"blau-schafe-restaurant\" \/>\r\n            <\/div>\r\n            <div class=\"content-wrapper\">\r\n                                    <span>as<\/span>\r\n                                                    <h2>socially responsible<\/h2>\r\n                            <\/div>\r\n                            <a class=\"image-link\" href=\"https:\/\/www.alpenland.at\/wp-content\/uploads\/blau-schafe-restaurant.jpg\"><\/a>\r\n                    <\/div>\r\n            <\/div>\r\n<\/div><\/div>\n<\/div>\n\r\n<div id=\"blaue-friedensherde\" class=\"dp-wrapper alignfull content-align-top\">\r\n        <div class=\"dp-wrapper-inner default-width\">\r\n        <div class=\"dp-wrapper-col\">\r\n            \n\n<h2 class=\"wp-block-heading\" style=\"margin-top:0px\">The &#8220;Blaue Friedensherde&#8221;<\/h2>\n\n\n\n<p>Everybody is equal and everybody is important. With their special appearance, the blue sheep offer the opportunity to reflect on the human connections and a peaceful coexistence between mankind. No matter the ethnic, religious or cultural differences between us. The illusion of a peacefully gracing herd of sheep becomes a symbol of togetherness. It appeals to social responsibility and tolerance.<\/p>\n\n\n\n<div class=\"wp-block-buttons is-layout-flex wp-block-buttons-is-layout-flex\">\n<div class=\"wp-block-button\"><a class=\"wp-block-button__link wp-element-button\" href=\"https:\/\/www.blauschaeferei-reetz.de\/\" target=\"_blank\" rel=\"noreferrer noopener\">More Information<\/a><\/div>\n<\/div>\n\n\n\r\n<div id=\"dp-spacer-block_7c4fa1c7d4d039aba2d25839ba36123b\" class=\"dp-spacer\">\r\n    <\/div><!-- \/.spacer -->\r\n<style>\r\n    #dp-spacer-block_7c4fa1c7d4d039aba2d25839ba36123b {\r\n        margin-top: 40px;\r\n    }\r\n    @media (min-width: 768px) {\r\n    #dp-spacer-block_7c4fa1c7d4d039aba2d25839ba36123b {\r\n        margin-top: 50px;\r\n    }\r\n    }\r\n    @media (min-width: 1200px) {\r\n    #dp-spacer-block_7c4fa1c7d4d039aba2d25839ba36123b {\r\n        margin-top: 60px;\r\n    }\r\n    }\r\n<\/style>\r\n\n\n\n<div class=\"wp-block-media-text is-stacked-on-mobile\"><figure class=\"wp-block-media-text__media\"><a href=\"https:\/\/www.alpenland.at\/wp-content\/uploads\/soziales-blauschafe-1.jpg\"><img decoding=\"async\" width=\"1024\" height=\"683\" src=\"https:\/\/www.alpenland.at\/wp-content\/uploads\/\/soziales-blauschafe-1-1024x683.jpg\" alt=\"Blauschafe in der Pongauer Stube\" class=\"wp-image-3306 size-full\" srcset=\"https:\/\/www.alpenland.at\/wp-content\/uploads\/soziales-blauschafe-1-1024x683.jpg 1024w, https:\/\/www.alpenland.at\/wp-content\/uploads\/soziales-blauschafe-1-300x200.jpg 300w, https:\/\/www.alpenland.at\/wp-content\/uploads\/soziales-blauschafe-1-768x512.jpg 768w, https:\/\/www.alpenland.at\/wp-content\/uploads\/soziales-blauschafe-1.jpg 1920w\" sizes=\"(max-width: 1024px) 100vw, 1024px\" \/><\/a><\/figure><div class=\"wp-block-media-text__content\">\n<h3 class=\"wp-block-heading\" id=\"h-warum-sind-die-schafe-blau\">Why are the sheep blue?<\/h3>\n\n\n\n<p>The color blue represents togetherness. It is the color of the European Union, the United Nations, as well as the UNESCO and UNICEF. The European Peace Movement has also adopted the color blue as theirs. Hence blue is the ideal color for the &#8220;Blaue Friedensherde&#8221;.<\/p>\n<\/div><\/div>\n\n\n\r\n<div id=\"dp-spacer-block_7c4fa1c7d4d039aba2d25839ba36123b\" class=\"dp-spacer\">\r\n    <\/div><!-- \/.spacer -->\r\n<style>\r\n    #dp-spacer-block_7c4fa1c7d4d039aba2d25839ba36123b {\r\n        margin-top: 40px;\r\n    }\r\n    @media (min-width: 768px) {\r\n    #dp-spacer-block_7c4fa1c7d4d039aba2d25839ba36123b {\r\n        margin-top: 50px;\r\n    }\r\n    }\r\n    @media (min-width: 1200px) {\r\n    #dp-spacer-block_7c4fa1c7d4d039aba2d25839ba36123b {\r\n        margin-top: 60px;\r\n    }\r\n    }\r\n<\/style>\r\n\n\n\n<div class=\"wp-block-media-text has-media-on-the-right is-stacked-on-mobile\"><div class=\"wp-block-media-text__content\">\n<h3 class=\"wp-block-heading\">The European Parlament is the patron of the &#8220;Blaue Friedensherde&#8221;<\/h3>\n\n\n\n<p>From 2009 to 2012, Jerzey Buzek was president of the European Union. It was under his presidency that the &#8220;Blaue Friedensherde&#8221; came under the patronage of the European Parlaments in Strassbourg and Brussels.<\/p>\n<\/div><figure class=\"wp-block-media-text__media\"><a href=\"https:\/\/www.alpenland.at\/wp-content\/uploads\/soziales-blauschafe-2.jpg\"><img decoding=\"async\" width=\"1024\" height=\"683\" src=\"https:\/\/www.alpenland.at\/wp-content\/uploads\/\/soziales-blauschafe-2-1024x683.jpg\" alt=\"Blauschaf im Gr\u00fcnen\" class=\"wp-image-3308 size-full\" srcset=\"https:\/\/www.alpenland.at\/wp-content\/uploads\/soziales-blauschafe-2-1024x683.jpg 1024w, https:\/\/www.alpenland.at\/wp-content\/uploads\/soziales-blauschafe-2-300x200.jpg 300w, https:\/\/www.alpenland.at\/wp-content\/uploads\/soziales-blauschafe-2-768x512.jpg 768w, https:\/\/www.alpenland.at\/wp-content\/uploads\/soziales-blauschafe-2.jpg 1920w\" sizes=\"(max-width: 1024px) 100vw, 1024px\" \/><\/a><\/figure><\/div>\n\n\n\r\n<div id=\"dp-spacer-block_7c4fa1c7d4d039aba2d25839ba36123b\" class=\"dp-spacer\">\r\n    <\/div><!-- \/.spacer -->\r\n<style>\r\n    #dp-spacer-block_7c4fa1c7d4d039aba2d25839ba36123b {\r\n        margin-top: 40px;\r\n    }\r\n    @media (min-width: 768px) {\r\n    #dp-spacer-block_7c4fa1c7d4d039aba2d25839ba36123b {\r\n        margin-top: 50px;\r\n    }\r\n    }\r\n    @media (min-width: 1200px) {\r\n    #dp-spacer-block_7c4fa1c7d4d039aba2d25839ba36123b {\r\n        margin-top: 60px;\r\n    }\r\n    }\r\n<\/style>\r\n\n\n\n<div class=\"wp-block-media-text is-stacked-on-mobile\"><figure class=\"wp-block-media-text__media\"><a href=\"https:\/\/www.alpenland.at\/wp-content\/uploads\/soziales-blauschafe-5.jpg\"><img decoding=\"async\" width=\"1024\" height=\"683\" src=\"https:\/\/www.alpenland.at\/wp-content\/uploads\/\/soziales-blauschafe-5-1024x683.jpg\" alt=\"Blauschaf auf Klavier\" class=\"wp-image-3314 size-full\" srcset=\"https:\/\/www.alpenland.at\/wp-content\/uploads\/soziales-blauschafe-5-1024x683.jpg 1024w, https:\/\/www.alpenland.at\/wp-content\/uploads\/soziales-blauschafe-5-300x200.jpg 300w, https:\/\/www.alpenland.at\/wp-content\/uploads\/soziales-blauschafe-5-768x512.jpg 768w, https:\/\/www.alpenland.at\/wp-content\/uploads\/soziales-blauschafe-5.jpg 1920w\" sizes=\"(max-width: 1024px) 100vw, 1024px\" \/><\/a><\/figure><div class=\"wp-block-media-text__content\">\n<h3 class=\"wp-block-heading\">Start \u201eOPEN 12\u201c in Venice, Italy<\/h3>\n\n\n\n<p>With an art installation at the Lido in Venice, Italy the project started in 2009. After a large exhibition on San Marcos Square the exhibition started its tour through all major cities of Europe. It also visited international peace conferences, worldwide. Especially today and in the future, values like, inclusivity, tolerance and appreciation, as well as peaceful coexistence, are more important than ever before.<\/p>\n<\/div><\/div>\n\n\n\r\n<div id=\"dp-spacer-block_7c4fa1c7d4d039aba2d25839ba36123b\" class=\"dp-spacer\">\r\n    <\/div><!-- \/.spacer -->\r\n<style>\r\n    #dp-spacer-block_7c4fa1c7d4d039aba2d25839ba36123b {\r\n        margin-top: 40px;\r\n    }\r\n    @media (min-width: 768px) {\r\n    #dp-spacer-block_7c4fa1c7d4d039aba2d25839ba36123b {\r\n        margin-top: 50px;\r\n    }\r\n    }\r\n    @media (min-width: 1200px) {\r\n    #dp-spacer-block_7c4fa1c7d4d039aba2d25839ba36123b {\r\n        margin-top: 60px;\r\n    }\r\n    }\r\n<\/style>\r\n\n\n\n<div class=\"wp-block-media-text has-media-on-the-right is-stacked-on-mobile\"><div class=\"wp-block-media-text__content\">\n<h3 class=\"wp-block-heading\">The &#8220;Blaue Friedensherde&#8221; at Alpenland St. Johann<\/h3>\n\n\n\n<p>We invite you, yes we urge you, to visit the &#8220;Blaue Friedensherde&#8221; at the Hotel Alpenland St. Johann. Touch them, pet them and get inspired by the peaceful and relaxed blue sheep. Let yourself be inspired and enjoy the surroundings at the Hotel Alpenland, together with the members of the &#8220;Blaue Friedensherde&#8221;.<\/p>\n<\/div><figure class=\"wp-block-media-text__media\"><a href=\"https:\/\/www.alpenland.at\/wp-content\/uploads\/soziales-blauschafe-4.jpg\"><img decoding=\"async\" width=\"1024\" height=\"683\" src=\"https:\/\/www.alpenland.at\/wp-content\/uploads\/\/soziales-blauschafe-4-1024x683.jpg\" alt=\"Blauschafe vor Kamin\" class=\"wp-image-3312 size-full\" srcset=\"https:\/\/www.alpenland.at\/wp-content\/uploads\/soziales-blauschafe-4-1024x683.jpg 1024w, https:\/\/www.alpenland.at\/wp-content\/uploads\/soziales-blauschafe-4-300x200.jpg 300w, https:\/\/www.alpenland.at\/wp-content\/uploads\/soziales-blauschafe-4-768x512.jpg 768w, https:\/\/www.alpenland.at\/wp-content\/uploads\/soziales-blauschafe-4.jpg 1920w\" sizes=\"(max-width: 1024px) 100vw, 1024px\" \/><\/a><\/figure><\/div>\n\n\n\r\n<div id=\"dp-spacer-block_7c4fa1c7d4d039aba2d25839ba36123b\" class=\"dp-spacer\">\r\n    <\/div><!-- \/.spacer -->\r\n<style>\r\n    #dp-spacer-block_7c4fa1c7d4d039aba2d25839ba36123b {\r\n        margin-top: 40px;\r\n    }\r\n    @media (min-width: 768px) {\r\n    #dp-spacer-block_7c4fa1c7d4d039aba2d25839ba36123b {\r\n        margin-top: 50px;\r\n    }\r\n    }\r\n    @media (min-width: 1200px) {\r\n    #dp-spacer-block_7c4fa1c7d4d039aba2d25839ba36123b {\r\n        margin-top: 60px;\r\n    }\r\n    }\r\n<\/style>\r\n\n\n\n<div class=\"wp-block-media-text is-stacked-on-mobile is-image-fill-element\"><figure class=\"wp-block-media-text__media\"><a href=\"https:\/\/www.alpenland.at\/wp-content\/uploads\/soziales-blauschafe-3.jpg\"><img decoding=\"async\" width=\"1024\" height=\"683\" src=\"https:\/\/www.alpenland.at\/wp-content\/uploads\/\/soziales-blauschafe-3-1024x683.jpg\" alt=\"Blaufschafe in der Stube\" class=\"wp-image-3310 size-full\" style=\"object-position:50% 50%\" srcset=\"https:\/\/www.alpenland.at\/wp-content\/uploads\/soziales-blauschafe-3-1024x683.jpg 1024w, https:\/\/www.alpenland.at\/wp-content\/uploads\/soziales-blauschafe-3-300x200.jpg 300w, https:\/\/www.alpenland.at\/wp-content\/uploads\/soziales-blauschafe-3-768x512.jpg 768w, https:\/\/www.alpenland.at\/wp-content\/uploads\/soziales-blauschafe-3.jpg 1920w\" sizes=\"(max-width: 1024px) 100vw, 1024px\" \/><\/a><\/figure><div class=\"wp-block-media-text__content\">\n<h3 class=\"wp-block-heading\">The people behind the &#8220;Blaue Friedensherde&#8221;<\/h3>\n\n\n\n<p>The artist Bertamaria Reetz is leading the project. German painter and sculpture, K\u00e4the Kollowiz, who died 1945, is the rolemodel of Ms. Reetz. She always took a clear stance against war, hunger, inequality and social problems. Bertamaria Reetz life is filled with modern art and social engagement. Together with the K\u00f6llner Werkst\u00e4tten, Ms. Reetz works at the Knechtseden monestary between Cologne and Dusseldorf in Germany. The K\u00f6lner Werkst\u00e4tten are a social organization for disabled people and also offers housing and care assistance to senoir citizens.<\/p>\n<\/div><\/div>\n\n\r\n        <\/div>\r\n    <\/div>\r\n    <style>\r\n                #blaue-friedensherde {\r\n        margin-top:40px;margin-bottom:0px;padding-top:40px;padding-bottom:40px;        }\r\n        \r\n        #blaue-friedensherde:before {\r\n            z-index: 0;\r\n            content: '';\r\n            display: block;\r\n            position: absolute;\r\n            top: 0;\r\n            left: 0;\r\n            height: 100%;\r\n            width: 100%;\r\n            background-color: #f8f5f0;\r\n            opacity: 1;\r\n        }\r\n        \r\n                \/* Medium devices (tablets, 768px and up) *\/\r\n        @media (min-width: 768px) {\r\n        #blaue-friedensherde {\r\n        padding-top:60px;padding-bottom:80px;        }\r\n        }\r\n        \r\n                \/* Extra large devices (large desktops, 1200px and up) *\/\r\n        @media (min-width: 1200px) {\r\n        #blaue-friedensherde {\r\n        padding-bottom:120px;        }\r\n        }\r\n        \r\n    <\/style>\r\n<\/div>","protected":false},"excerpt":{"rendered":"<p>Hotel Alpenland in St. Johann im Pongau Sustainability and Social Responsibility Sustainable behaviour and social responsibility enjoy the highest priority in our hotel. We feature social projects like, for instance, [&hellip;]<\/p>\n","protected":false},"author":2,"featured_media":1749,"parent":3211,"menu_order":3,"comment_status":"closed","ping_status":"closed","template":"","meta":{"_acf_changed":false,"footnotes":""},"class_list":["post-3509","page","type-page","status-publish","has-post-thumbnail","hentry"],"acf":[],"publishpress_future_action":{"enabled":false,"date":"2026-05-05 19:28:32","action":"change-status","newStatus":"draft","terms":[],"taxonomy":"translation_priority","extraData":[]},"publishpress_future_workflow_manual_trigger":{"enabledWorkflows":[]},"_links":{"self":[{"href":"https:\/\/www.alpenland.at\/en\/wp-json\/wp\/v2\/pages\/3509","targetHints":{"allow":["GET"]}}],"collection":[{"href":"https:\/\/www.alpenland.at\/en\/wp-json\/wp\/v2\/pages"}],"about":[{"href":"https:\/\/www.alpenland.at\/en\/wp-json\/wp\/v2\/types\/page"}],"author":[{"embeddable":true,"href":"https:\/\/www.alpenland.at\/en\/wp-json\/wp\/v2\/users\/2"}],"replies":[{"embeddable":true,"href":"https:\/\/www.alpenland.at\/en\/wp-json\/wp\/v2\/comments?post=3509"}],"version-history":[{"count":19,"href":"https:\/\/www.alpenland.at\/en\/wp-json\/wp\/v2\/pages\/3509\/revisions"}],"predecessor-version":[{"id":6882,"href":"https:\/\/www.alpenland.at\/en\/wp-json\/wp\/v2\/pages\/3509\/revisions\/6882"}],"up":[{"embeddable":true,"href":"https:\/\/www.alpenland.at\/en\/wp-json\/wp\/v2\/pages\/3211"}],"wp:featuredmedia":[{"embeddable":true,"href":"https:\/\/www.alpenland.at\/en\/wp-json\/wp\/v2\/media\/1749"}],"wp:attachment":[{"href":"https:\/\/www.alpenland.at\/en\/wp-json\/wp\/v2\/media?parent=3509"}],"curies":[{"name":"wp","href":"https:\/\/api.w.org\/{rel}","templated":true}]}}